{"id":300,"date":"2022-08-18T14:22:55","date_gmt":"2022-08-18T12:22:55","guid":{"rendered":"https:\/\/logobella.kylos.pl\/dervit.pl\/?page_id=300"},"modified":"2022-12-30T21:38:25","modified_gmt":"2022-12-30T20:38:25","slug":"wszystko-o-wlosach","status":"publish","type":"page","link":"https:\/\/dervit.pl\/?page_id=300","title":{"rendered":"Wszystko o w\u0142osach"},"content":{"rendered":"<p>[et_pb_section fb_built=&#8221;1&#8243; _builder_version=&#8221;4.18.0&#8243; _module_preset=&#8221;default&#8221; background_enable_color=&#8221;off&#8221; use_background_color_gradient=&#8221;on&#8221; background_color_gradient_direction=&#8221;321deg&#8221; background_color_gradient_stops=&#8221;#10242f 31%|#013b55 49%|#10242f 66%&#8221; background_enable_image=&#8221;off&#8221; background_size=&#8221;contain&#8221; background_position=&#8221;top_left&#8221; background_vertical_offset=&#8221;25%&#8221; background_blend=&#8221;soft-light&#8221; z_index=&#8221;0&#8243; custom_margin=&#8221;-27px|||||&#8221; custom_padding=&#8221;25px||4px|||&#8221; box_shadow_style=&#8221;preset3&#8243; locked=&#8221;off&#8221; collapsed=&#8221;off&#8221; global_colors_info=&#8221;{}&#8221;][et_pb_row _builder_version=&#8221;4.18.0&#8243; _module_preset=&#8221;default&#8221; max_width=&#8221;600px&#8221; custom_padding=&#8221;0px||||false|false&#8221; global_colors_info=&#8221;{}&#8221;][et_pb_column type=&#8221;4_4&#8243; _builder_version=&#8221;4.18.0&#8243; _module_preset=&#8221;default&#8221; global_colors_info=&#8221;{}&#8221;][et_pb_image src=&#8221;https:\/\/dervit.pl\/wp-content\/uploads\/2022\/08\/4pak900.png&#8221; title_text=&#8221;4pak900&#8243; _builder_version=&#8221;4.18.0&#8243; _module_preset=&#8221;default&#8221; custom_margin=&#8221;||-76px|||&#8221; custom_padding=&#8221;50px||0px|||&#8221; global_colors_info=&#8221;{}&#8221;][\/et_pb_image][\/et_pb_column][\/et_pb_row][et_pb_row column_structure=&#8221;1_3,2_3&#8243; make_equal=&#8221;on&#8221; _builder_version=&#8221;4.18.0&#8243; _module_preset=&#8221;default&#8221; width=&#8221;100%&#8221; max_width=&#8221;100%&#8221; custom_padding=&#8221;0px||0px|||&#8221; global_colors_info=&#8221;{}&#8221;][et_pb_column type=&#8221;1_3&#8243; _builder_version=&#8221;4.16&#8243; _module_preset=&#8221;default&#8221; global_colors_info=&#8221;{}&#8221;][et_pb_image src=&#8221;https:\/\/dervit.pl\/wp-content\/uploads\/2022\/10\/Hex-logo-Dervit.png&#8221; title_text=&#8221;Hex logo Dervit&#8221; _builder_version=&#8221;4.18.0&#8243; _module_preset=&#8221;default&#8221; positioning=&#8221;fixed&#8221; width_tablet=&#8221;&#8221; width_phone=&#8221;50%&#8221; width_last_edited=&#8221;on|phone&#8221; max_width_tablet=&#8221;&#8221; max_width_phone=&#8221;50%&#8221; max_width_last_edited=&#8221;on|phone&#8221; height_tablet=&#8221;&#8221; height_phone=&#8221;50%&#8221; height_last_edited=&#8221;on|phone&#8221; animation_style=&#8221;fade&#8221; global_colors_info=&#8221;{}&#8221;][\/et_pb_image][\/et_pb_column][et_pb_column type=&#8221;2_3&#8243; _builder_version=&#8221;4.18.0&#8243; _module_preset=&#8221;default&#8221; background_enable_image=&#8221;off&#8221; background_size=&#8221;initial&#8221; background_position=&#8221;bottom_right&#8221; background_horizontal_offset=&#8221;4%&#8221; background_vertical_offset=&#8221;7%&#8221; animation_style=&#8221;fade&#8221; global_colors_info=&#8221;{}&#8221;][\/et_pb_column][\/et_pb_row][\/et_pb_section][et_pb_section fb_built=&#8221;1&#8243; module_id=&#8221;start&#8221; _builder_version=&#8221;4.18.0&#8243; _module_preset=&#8221;default&#8221; background_enable_color=&#8221;off&#8221; background_enable_image=&#8221;off&#8221; background_size=&#8221;initial&#8221; background_position=&#8221;top_right&#8221; background_horizontal_offset=&#8221;1%&#8221; background_vertical_offset=&#8221;25%&#8221; custom_padding=&#8221;28px||28px||true|&#8221; global_colors_info=&#8221;{}&#8221;][et_pb_row _builder_version=&#8221;4.19.4&#8243; _module_preset=&#8221;default&#8221; custom_padding=&#8221;8px|||||&#8221; hover_enabled=&#8221;0&#8243; global_colors_info=&#8221;{}&#8221; max_width=&#8221;45%&#8221; width=&#8221;90%&#8221; max_width_last_edited=&#8221;on|phone&#8221; sticky_enabled=&#8221;0&#8243; max_width_phone=&#8221;90%&#8221; max_width_tablet=&#8221;45%&#8221;][et_pb_column type=&#8221;4_4&#8243; _builder_version=&#8221;4.16.0&#8243; _module_preset=&#8221;default&#8221; global_colors_info=&#8221;{}&#8221;][et_pb_toggle title=&#8221;Co dobrego na wypadanie w\u0142os\u00f3w?&#8221; closed_toggle_background_color=&#8221;RGBA(255,255,255,0)&#8221; icon_color=&#8221;#252E46&#8243; toggle_icon=&#8221;&#x4e;||divi||400&#8243; open_icon_color=&#8221;#252E46&#8243; open_toggle_icon=&#8221;&#x4d;||divi||400&#8243; _builder_version=&#8221;4.18.0&#8243; _module_preset=&#8221;default&#8221; title_font=&#8221;|||on|||||&#8221; title_text_align=&#8221;left&#8221; title_font_size=&#8221;16px&#8221; border_width_all=&#8221;0px&#8221; border_color_all=&#8221;#000000&#8243; border_width_bottom=&#8221;1px&#8221; border_color_bottom=&#8221;#cecece&#8221; global_colors_info=&#8221;{}&#8221;]<\/p>\n<p>Wypadanie w\u0142os\u00f3w bywa naprawd\u0119 du\u017cym i w dodatku uci\u0105\u017cliwym problemem. Narzekaj\u0105 na to zar\u00f3wno kobiety, jak i m\u0119\u017cczy\u017ani, niezale\u017cnie od wieku. Warto pami\u0119ta\u0107, \u017ce ka\u017cdy z nas naturalnie traci do ok. 100 w\u0142os\u00f3w dziennie i nie jest to pow\u00f3d do niepokoju. Jednak gdy ta liczba jest wi\u0119ksza, najlepiej jak najszybciej zareagowa\u0107, aby powstrzyma\u0107 wypadanie kolejnych kosmyk\u00f3w.<\/p>\n<p>Wypadanie w\u0142os\u00f3w to coraz cz\u0119stszy problem. Tak naprawd\u0119 przyczyn nadmiernej utraty w\u0142os\u00f3w jest wiele. Nierzadko problemem jest po prostu nadmierny stres, kt\u00f3rego konsekwencj\u0105 jest przem\u0119czenie. Organizm czasem reaguje na tego typu emocje w\u0142a\u015bnie wypadaniem w\u0142os\u00f3w. Okazuje si\u0119, \u017ce nie bez znaczenia w tej kwestii s\u0105 r\u00f3\u017cnego rodzaju choroby, zaburzenia hormonalne, pora roku, niew\u0142a\u015bciwa piel\u0119gnacja, a nawet po przebyciu zaka\u017cenia koronawirusem. Wiele os\u00f3b zacz\u0119\u0142o narzeka\u0107 na wypadaj\u0105ce w\u0142osy po covidzie. Na szcz\u0119\u015bcie s\u0105 skuteczne sposoby na to, aby zapomnie\u0107 o takich problemach.<\/p>\n<p>Co stosowa\u0107 na wypadanie w\u0142os\u00f3w?<br \/>\u017beby skutecznie zahamowa\u0107 wypadanie w\u0142os\u00f3w i cieszy\u0107 si\u0119 pi\u0119kn\u0105 fryzur\u0105, nale\u017cy si\u0119ga\u0107 po sprawdzone \u015brodki. Wyznacznikiem jest tu przede wszystkim starannie skomponowany sk\u0142ad zawieraj\u0105cy odpowiednie substancje aktywne.<\/p>\n<p>Bardzo cz\u0119sto osoby, kt\u00f3re zauwa\u017cy\u0142y u siebie nadmierne wypadanie w\u0142os\u00f3w, si\u0119gaj\u0105 po suplementy z biotyn\u0105. Warto jednak mie\u0107 na uwadze, \u017ce nie tylko ona jest wa\u017cna. Najlepiej, je\u015bli razem z biotyn\u0105 w sk\u0142adzie znajd\u0105 si\u0119 niezb\u0119dne dla organizmu witaminy i minera\u0142y. Skuteczno\u015b\u0107 dzia\u0142ania poprawiaj\u0105<br \/>dodatkowo odpowiednie ekstrakty ro\u015blinne, m.in. owoce palmy saba\u0142owej (pochodz\u0105 z ro\u015bliny znajduj\u0105cej zastosowanie w leczeniu \u0142ysienia androgenowego).<\/p>\n<p>Wypadanie w\u0142os\u00f3w po covidzie \u2014 jak leczy\u0107?<br \/>Jednym z coraz cz\u0119\u015bciej zauwa\u017calnych skutk\u00f3w ubocznych po COVID-19 jest wypadanie w\u0142os\u00f3w. Bywa ono na tyle intensywne, \u017ce niekt\u00f3re osoby narzekaj\u0105 nawet na dobrze widoczne prze\u015bwity. Szacuje si\u0119, \u017ce problem dotyka nawet ponad 20% pacjent\u00f3w, kt\u00f3rzy przeszli zaka\u017cenie wirusem.<\/p>\n<p>Dervit Andro jest skuteczny r\u00f3wnie\u017c w tym przypadku. Wysoka dawka biotyny, krzemionki i ekstrakt\u00f3w ro\u015blinnych, a tak\u017ce specjalna formu\u0142a AndroDiet sprawia, \u017ce kuracja przeciw wypadaniu w\u0142os\u00f3w jest efektywna. Regularne przyjmowanie preparatu pozwala ograniczy\u0107 utrat\u0119 pasm.<br \/>Dervit Andro to suplement diety opracowany z my\u015bl\u0105 o osobach chc\u0105cych powstrzyma\u0107 wypadanie w\u0142os\u00f3w. W po\u0142\u0105czeniu z prawid\u0142ow\u0105 piel\u0119gnacj\u0105 i dobrze zbilansowan\u0105 diet\u0105 stosowanie go mo\u017ce przynie\u015b\u0107 oczekiwane efekty.<\/p>\n<p>[\/et_pb_toggle][et_pb_toggle title=&#8221;Czy wiesz co powoduje nadmierne wypadanie w\u0142os\u00f3w?&#8221; closed_toggle_background_color=&#8221;RGBA(255,255,255,0)&#8221; icon_color=&#8221;#252E46&#8243; toggle_icon=&#8221;&#x4e;||divi||400&#8243; open_icon_color=&#8221;#252E46&#8243; open_toggle_icon=&#8221;&#x4d;||divi||400&#8243; _builder_version=&#8221;4.18.0&#8243; _module_preset=&#8221;default&#8221; title_font=&#8221;|||on|||||&#8221; title_text_align=&#8221;left&#8221; title_font_size=&#8221;16px&#8221; border_width_all=&#8221;0px&#8221; border_color_all=&#8221;#000000&#8243; border_width_bottom=&#8221;1px&#8221; border_color_bottom=&#8221;#cecece&#8221; global_colors_info=&#8221;{}&#8221;]<\/p>\n<p>Na ca\u0142ym ciele cz\u0142owieka znajduje si\u0119 ok. 5 mln mieszk\u00f3w w\u0142osowych, na samej sk\u00f3rze g\u0142owy natomiast mamy ok. 100-150 tysi\u0119cy w\u0142os\u00f3w. Ka\u017cdy w\u0142os \u017cyje przeci\u0119tnie 3-4 lata, po czym wypada \u2013 jest to tzw. stan spoczynku. W naturalnym procesie, tracimy ok. 50-100 w\u0142os\u00f3w dziennie. &#8211; je\u017celi jednak liczba ta staje si\u0119 coraz wi\u0119ksza, powinni\u015bmy upewni\u0107 si\u0119 czy nie dotyczy nas problem wypadania w\u0142os\u00f3w. Spotyka si\u0119 z tym coraz wi\u0119cej kobiet oraz m\u0119\u017cczyzn bez wzgl\u0119du na wiek.<br \/>Przyczyny takiego stanu mog\u0105 by\u0107 bardziej lub mniej powa\u017cne, a dotyczy\u0107 mog\u0105 wielu aspekt\u00f3w naszego \u017cycia, np. piel\u0119gnacji w\u0142os\u00f3w, zmian pogody czy te\u017c zmian hormonalnych.<\/p>\n<p>Do najcz\u0119stszych przyczyn wypadania w\u0142os\u00f3w nale\u017c\u0105:<\/p>\n<ol>\n<li>Stres i zwi\u0105zane z nim przem\u0119czenie organizmu \u2013 w okresie du\u017cego nara\u017cenia na stres, czy<br \/>przem\u0119czenia cz\u0119sto obserwuje si\u0119 znaczne os\u0142abienie i wzmo\u017cone wypadanie w\u0142os\u00f3w<\/li>\n<li>Choroby tarczycy \u2013 pami\u0119tajmy o tym, aby si\u0119 bada\u0107, a szczeg\u00f3lnie przy problemie nadmiernego wypadania w\u0142os\u00f3w<\/li>\n<li>Nieodpowiednia dieta \u2013 niedobory witamin czy minera\u0142\u00f3w mog\u0105 sprawi\u0107, \u017ce w\u0142osy b\u0119d\u0105 os\u0142abione,<br \/>\u0142amliwe i kruche<\/li>\n<li>Anemia \u2013 spowodowana niedoborem \u017celaza oraz cynku. Warto do\u015b\u0107 regularnie wykonywa\u0107<br \/>badania krwi<\/li>\n<li>\u0141ysienie androgenowe wyst\u0119puje u m\u0119\u017cczyzn i u kobiet, cz\u0119\u015bciej jednak dotyka m\u0119\u017cczyzn i jest ono<br \/>uwarunkowane genetycznie. \u0141ysienie to charakteryzuje si\u0119 utrat\u0105 w\u0142os\u00f3w w k\u0105tach czo\u0142owych (u m\u0119\u017cczyzn) oraz na szczycie g\u0142owy (u kobiet).<\/li>\n<li>\u0179le dobrana piel\u0119gnacja \u2013 przyczynami niepokoj\u0105cej utraty w\u0142os\u00f3w mo\u017ce by\u0107 m.in. nadmierne wysuszenie, cz\u0119ste farbowanie, rozja\u015bnianie oraz stosowanie nieodpowiednich lub zbyt silnych<br \/>preparat\u00f3w do stylizacji w\u0142os\u00f3w.<\/li>\n<li>Warunki atmosferyczne &#8211; wystawianie g\u0142owy na dzia\u0142anie promieni s\u0142onecznych, wiatru i mrozu, a tak\u017ce moczenie jej w s\u0142onej lub chlorowanej wodzie przyspiesza i nasila proces wypadania w\u0142os\u00f3w.<br \/>Okresami wzmo\u017conego wypadania w\u0142os\u00f3w s\u0105 jesie\u0144 oraz wiosna.<\/li>\n<\/ol>\n<p>[\/et_pb_toggle][et_pb_toggle title=&#8221;Czy wiesz, \u017ce biotyna&#8230;&#8221; closed_toggle_background_color=&#8221;RGBA(255,255,255,0)&#8221; icon_color=&#8221;#252E46&#8243; toggle_icon=&#8221;&#x4e;||divi||400&#8243; open_icon_color=&#8221;#252E46&#8243; open_toggle_icon=&#8221;&#x4d;||divi||400&#8243; _builder_version=&#8221;4.18.0&#8243; _module_preset=&#8221;default&#8221; title_font=&#8221;|||on|||||&#8221; title_text_align=&#8221;left&#8221; title_font_size=&#8221;16px&#8221; border_width_all=&#8221;0px&#8221; border_color_all=&#8221;#000000&#8243; border_width_bottom=&#8221;1px&#8221; border_color_bottom=&#8221;#cecece&#8221; global_colors_info=&#8221;{}&#8221;]<\/p>\n<p>&#8230;to jeden z budulc\u00f3w w\u0142os\u00f3w oraz paznokci, kt\u00f3ry ma ogromny wp\u0142yw na ich kondycj\u0119.<br \/>Biotyna nazywana jest r\u00f3wnie\u017c witamin\u0105 B7 lub H, jednak w rzeczywisto\u015bci jest to koenzym spotykany zar\u00f3wno w produktach pochodzenia zwierz\u0119cego, jak i ro\u015blinnego. Jest jedn\u0105 z witamin z grupy B. Biotyna aktywuje wzrost w\u0142os\u00f3w, wzbogaca p\u0142ytk\u0119 paznokcia oraz likwiduje \u0142ojotok.<br \/>Biotyna wywiera bardzo du\u017cy wp\u0142yw na kondycj\u0119 w\u0142os\u00f3w i paznokci. Poprzez krew zasila macierz w\u0142osa w biodost\u0119pn\u0105 siark\u0119. Macierz odpowiada za spojenie \u0142odygi w\u0142osa na ca\u0142ej jego d\u0142ugo\u015bci, z kolei wi\u0105zania siarkowe wch\u0142aniane s\u0105 w mas\u0119 keratynow\u0105. Biotyna pe\u0142ni r\u00f3wnie\u017c funkcj\u0119 regulacyjn\u0105 w zakresie metabolizmu sk\u00f3ry g\u0142owy, pozytywnie wp\u0142ywaj\u0105c na korzenie oraz wzrost \u0142odygi w\u0142osa. Ponadto, wzmacnia ona p\u0142ytk\u0119 paznokcia. Sprawia, \u017ce staj\u0105 si\u0119 l\u015bni\u0105ca i mocna oraz reguluje tempo wzrostu paznokci.<br \/>Je\u015bli w organizmie brakuje biotyny pojawiaj\u0105 si\u0119 przebarwienia na sk\u00f3rze, zmiany zar\u00f3wno atopowe, jak i \u0142ojotokowe, wyst\u0105pi\u0107 mog\u0105 r\u00f3wnie\u017c zapalenie spoj\u00f3wek, dr\u0119twienie ko\u0144czyn, b\u00f3le mi\u0119\u015bniowe, problemy z jelitami oraz podwy\u017cszony poziom cholesterolu. Najwidoczniej jednak pogarsza si\u0119 stan w\u0142os\u00f3w, paznokci i sk\u00f3ry.<br \/>Niedob\u00f3r biotyny zazwyczaj spowodowany jest niezbilansowan\u0105, z\u0142\u0105 diet\u0105, spowodowa\u0107 go mo\u017ce r\u00f3wnie\u017c ci\u0105\u017ca, intensywny wysi\u0142ek fizyczny, przyjmowanie antybiotyk\u00f3w lub z\u0142e wch\u0142anianie biotyny. W przypadku niewystarczaj\u0105cej ilo\u015bci biotyny w organizmie pojawiaj\u0105 si\u0119: nadmierne wypadanie, \u0142upie\u017c oraz \u0142ojotok.<\/p>\n<p>[\/et_pb_toggle][et_pb_toggle title=&#8221;Czy wiesz, \u017ce \u0142ysienie androgenowe&#8230;&#8221; closed_toggle_background_color=&#8221;RGBA(255,255,255,0)&#8221; icon_color=&#8221;#252E46&#8243; toggle_icon=&#8221;&#x4e;||divi||400&#8243; open_icon_color=&#8221;#252E46&#8243; open_toggle_icon=&#8221;&#x4d;||divi||400&#8243; _builder_version=&#8221;4.18.0&#8243; _module_preset=&#8221;default&#8221; title_font=&#8221;|||on|||||&#8221; title_text_align=&#8221;left&#8221; title_font_size=&#8221;16px&#8221; border_width_all=&#8221;0px&#8221; border_color_all=&#8221;#000000&#8243; border_width_bottom=&#8221;1px&#8221; border_color_bottom=&#8221;#cecece&#8221; global_colors_info=&#8221;{}&#8221;]<\/p>\n<p>&#8230;to najcz\u0119stsza przyczyna wypadania w\u0142os\u00f3w i dotyczy zar\u00f3wno m\u0119\u017cczyzn, jak i kobiet?<br \/>\u0141ysienie androgenowe to najcz\u0119stsza przyczyna wypadania w\u0142os\u00f3w i dotyczy zar\u00f3wno m\u0119\u017cczyzn, jak i kobiet, a pojawi\u0107 mo\u017ce si\u0119 nawet tu\u017c po 20. roku \u017cycia.<br \/>Uwa\u017ca si\u0119, \u017ce przy tym typie \u0142ysienia najwi\u0119ksze znaczenie maj\u0105 androgeny. Nadmiar tych hormon\u00f3w mo\u017ce wp\u0142ywa\u0107 na intensywn\u0105 utrat\u0119 w\u0142os\u00f3w. Nie bez znaczenia s\u0105 r\u00f3wnie\u017c czynniki genetyczne, a u kobiet r\u00f3wnie\u017c choroby o pod\u0142o\u017cu hormonalnym. Cho\u0107 to niezwykle przykra dolegliwo\u015b\u0107, to najwa\u017cniejsze, \u017ce mo\u017cna z ni\u0105 skutecznie walczy\u0107.<br \/>\u0141ysienie androgenowe to problem, kt\u00f3ry dotyka przede wszystkim m\u0119\u017cczyzn, jednak z powodu nadmiernej utraty w\u0142os\u00f3w wynikaj\u0105cej z podwy\u017cszonego poziomu DHT we krwi cierpi\u0105 tak\u017ce kobiety. U m\u0119\u017cczyzn \u0142ysienie androgenowe objawia si\u0119 utrat\u0105 w\u0142os\u00f3w na czubku g\u0142owy, a tak\u017ce u nasady czo\u0142a (zakola) i pojawia si\u0119 zwykle po 40. roku \u017cycia. U kobiet ten typ \u0142ysienia pojawia si\u0119 w okresie pomenopauzalnym. Hormon DHT przyczynia si\u0119 do miniaturyzacji mieszk\u00f3w w\u0142osowych, co oznacza skr\u00f3cenie czasu \u017cycia w\u0142osa. W leczeniu, a tak\u017ce w profilaktyce \u0142ysienia androgenowego korzysta si\u0119 z w\u0142a\u015bciwo\u015bci palmy saba\u0142owej.<br \/>Ekstrakt z owoc\u00f3w palmy saba\u0142owej<br \/>\u2022 Zwi\u0105zki aktywne ro\u015bliny hamuj\u0105 aktywno\u015b\u0107 enzymu, kt\u00f3ry odpowiada za konwersj\u0119 testosteronu w dihydrotestosteron<br \/>\u2022 Owoce palmy saba\u0142owej wspomagaj\u0105 naturalny proces wzrostu w\u0142os\u00f3w i wspomagaj\u0105 utrzymanie ich w odpowiedniej kondycji<br \/>\u2022 Fitosterole zawarte w palmie saba\u0142owej ograniczaj\u0105 proces wch\u0142aniania si\u0119 cholesterolu, kt\u00f3ry bierze udzia\u0142 w powstawaniu hormonu DHT<br \/>\u2022 Wyci\u0105gi z owoc\u00f3w palmy saba\u0142owej na \u0142ysienie mog\u0105 stosowa\u0107 zar\u00f3wno m\u0119\u017cczy\u017ani, jak i kobiety<br \/>Z my\u015bl\u0105 o wszystkich, kt\u00f3rzy zmagaj\u0105 si\u0119 z problemem nadmiernego wypadania w\u0142os\u00f3w firma VITADIET opracowa\u0142a Dervit Andro . Suplement diety Dervit Andro to optymalne po\u0142\u0105czenie starannie dobranych sk\u0142adnik\u00f3w aktywnych: ekstrakt\u00f3w ro\u015blinnych pochodzenia naturalnego, witamin, minera\u0142\u00f3w oraz aminokwas\u00f3w. Zawiera unikaln\u0105 formu\u0142\u0119 AndroDiet\u00ae.<\/p>\n<p>Dlaczego Dervit Andro?<br \/>\u2022 unikalna formu\u0142a AndroDiet\u00ae (owoce palmy saba\u0142owej, li\u015bcie zielonej herbaty, ziele wierzbownicy drobnokwiatowej, kora \u015bliwy afryka\u0144skiej)<br \/>\u2022 wysoka dawka biotyny 2,5 mg<br \/>\u2022 podw\u00f3jne \u017ar\u00f3d\u0142o krzemionki (ponad 12 mg krzemu)<br \/>\u2022 rekomendowana dzienna dawka witaminy D 2000 IU*<br \/>\u2022 nie zawiera stearynianu magnezu ani dwutlenku tytanu<\/p>\n<p>[\/et_pb_toggle][et_pb_toggle title=&#8221;Czy wiesz, \u017ce w\u0142osy, sk\u00f3ra i paznokcie&#8230;&#8221; closed_toggle_background_color=&#8221;RGBA(255,255,255,0)&#8221; icon_color=&#8221;#252E46&#8243; toggle_icon=&#8221;&#x4e;||divi||400&#8243; open_icon_color=&#8221;#252E46&#8243; open_toggle_icon=&#8221;&#x4d;||divi||400&#8243; _builder_version=&#8221;4.18.0&#8243; _module_preset=&#8221;default&#8221; title_font=&#8221;|||on|||||&#8221; title_text_align=&#8221;left&#8221; title_font_size=&#8221;16px&#8221; border_width_all=&#8221;0px&#8221; border_color_all=&#8221;#000000&#8243; border_width_bottom=&#8221;1px&#8221; border_color_bottom=&#8221;#cecece&#8221; global_colors_info=&#8221;{}&#8221;]<\/p>\n<p>&#8230;s\u0105 nie tylko nasz\u0105 wizyt\u00f3wk\u0105, ale wr\u0119cz odbiciem naszego stanu zdrowia. Os\u0142abione, \u0142amliwe w\u0142osy czy paznokcie, sk\u00f3ra pozbawiona blasku mog\u0105 sygnalizowa\u0107, \u017ce w naszym organizmie brakuje witamin czy minera\u0142\u00f3w.<br \/>Ka\u017cdy z nas chce wygl\u0105da\u0107 pi\u0119knie i zdrowo, mie\u0107 g\u0142adk\u0105 sk\u00f3r\u0119, g\u0119ste, l\u015bni\u0105ce w\u0142osy oraz mocne i zadbane paznokcie. Aby to osi\u0105gn\u0105\u0107 konieczna jest przede wszystkim prawid\u0142owo zbilansowana i zr\u00f3\u017cnicowana dieta oraz w\u0142a\u015bciwa piel\u0119gnacja, dostosowana do potrzeb danej osoby. Niestety cz\u0119sto sama dieta nie pokrywa naszego zapotrzebowania na witaminy i sk\u0142adniki od\u017cywcze. W zwi\u0105zku z tym nale\u017cy si\u0119gn\u0105\u0107 po suplementy diety, kt\u00f3re pomog\u0105 dostarczy\u0107 niezb\u0119dnych sk\u0142adnik\u00f3w.<br \/>Suplement diety Dervit Max z biotyn\u0105 zosta\u0142 opracowany z my\u015bl\u0105 o wszystkich, kt\u00f3rzy chc\u0105 zadba\u0107 o swoje w\u0142osy, sk\u00f3r\u0119 oraz paznokcie. Dla codziennego uzupe\u0142nienia niezb\u0119dnych witamin i minera\u0142\u00f3w, wzbogacony o ekstrakty ro\u015blinne i aminokwasy.<br \/>Suplement diety Dervit Forte z biotyn\u0105 powsta\u0142 w celu intensywnego wsparcia w\u0142os\u00f3w, sk\u00f3ry i paznokci. Os\u0142abione w\u0142osy i paznokcie, zniszczone zabiegami piel\u0119gnacyjnymi, sk\u00f3ra pozbawiona blasku? Dervit forte z biotyn\u0105 to rozwi\u0105zanie dla szybkiego, zr\u00f3\u017cnicowanego uzupe\u0142nienia niedobor\u00f3w i budowy zasob\u00f3w sk\u0142adnik\u00f3w niezb\u0119dnych w organizmie.<\/p>\n<p>CO wor\u00f3\u017cnia suplementy Dervit forte i Max?<br \/>\u2022 unikalna formu\u0142a 21+<br \/>\u2022 wysoka zawarto\u015b\u0107 biotyny 2,5 mg<br \/>\u2022 potr\u00f3jne \u017ar\u00f3d\u0142o krzemionki (min. 12 mg krzemu)<br \/>\u2022 rekomendowana dzienna porcja witaminy D 2000 IU*<br \/>\u2022 nie zawiera stearynianu magnezu ani dwutlenku tytanu (transparentna kapsu\u0142ka)<\/p>\n<p>[\/et_pb_toggle][et_pb_toggle title=&#8221;Rodzaje \u0142ysienia&#8221; closed_toggle_background_color=&#8221;RGBA(255,255,255,0)&#8221; icon_color=&#8221;#252E46&#8243; toggle_icon=&#8221;&#x4e;||divi||400&#8243; open_icon_color=&#8221;#252E46&#8243; open_toggle_icon=&#8221;&#x4d;||divi||400&#8243; _builder_version=&#8221;4.18.0&#8243; _module_preset=&#8221;default&#8221; title_font=&#8221;|||on|||||&#8221; title_text_align=&#8221;left&#8221; title_font_size=&#8221;16px&#8221; border_width_all=&#8221;0px&#8221; border_color_all=&#8221;#000000&#8243; border_width_bottom=&#8221;1px&#8221; border_color_bottom=&#8221;#cecece&#8221; global_colors_info=&#8221;{}&#8221;]<\/p>\n<p>Rodzaje \u0142ysienia: androgenowe, telogenowe i ich przyczyny. Czy dotyczy r\u00f3wnie\u017c Ciebie?<br \/>W obecnych czasach rola w\u0142os\u00f3w zosta\u0142a wyra\u017anie zredukowana i pe\u0142ni, w niewielkim stopniu, funkcje izolacyjne, ochronne oraz receptorowe. Przede wszystkim jednak w\u0142osy pe\u0142ni\u0105 teraz funkcj\u0119 estetyczn\u0105, ich nadmiar cz\u0119sto zmniejszany jest za pomoc\u0105 epilacji, a niedob\u00f3r leczony. Rodzaj post\u0119powania z nimi zdeterminowany jest lokalizacj\u0105 w\u0142os\u00f3w, aktualnie panuj\u0105c\u0105 mod\u0105 i wzgl\u0119dami psychologicznymi.<br \/>Mo\u017cna odnie\u015b\u0107 wra\u017cenie, \u017ce wsp\u00f3\u0142cze\u015bnie zarost i og\u00f3lnie ow\u0142osienie, a przede wszystkim sk\u00f3ry g\u0142owy, jest kwesti\u0105 identyfikacji wizualnej, urody. W\u0142osy w wielu przypadkach podnosz\u0105 nasz\u0105 atrakcyjno\u015b\u0107, czasami stanowi\u0105 o statusie spo\u0142ecznym, jak r\u00f3wnie\u017c o naszej kulturze. Utrata w\u0142os\u00f3w u kobiet i m\u0119\u017cczyzn mo\u017ce by\u0107 wi\u0119c znacz\u0105cym problemem. Poni\u017cej przedstawimy jedne z dw\u00f3ch najpopularniejszych przyczyn \u0142ysienia.<br \/>\u0141ysienie androgenowe<br \/>Przyczyn\u0105 \u0142ysienia androgenowego jest wra\u017cliwo\u015b\u0107 mieszk\u00f3w w\u0142osowych na androgeny, czyli hormony p\u0142ciowe wyst\u0119puj\u0105ce najcz\u0119\u015bciej u m\u0119\u017cczyzn, w niewielkich ilo\u015bciach tak\u017ce u kobiet. Ma to bezpo\u015bredni wp\u0142yw na utrat\u0119 w\u0142os\u00f3w, kt\u00f3ra u m\u0119\u017cczyzn wyst\u0119puje w 70%, a u kobiet w 40% przypadk\u00f3w. \u0141ysienie androgenowe najcz\u0119\u015bciej uwarunkowane jest genetycznie.<br \/>Objawami tej choroby s\u0105 wyst\u0119puj\u0105ce u m\u0119\u017cczyzn zakola oraz \u0142ysiej\u0105cy czubek g\u0142owy, kt\u00f3re prowadz\u0105 do zupe\u0142nego wy\u0142ysienia, natomiast u kobiet wyst\u0119puje przerzedzenie si\u0119 w\u0142os\u00f3w, jednak nie dochodzi do ca\u0142kowitego wy\u0142ysienia.<br \/>\u0141ysienie telogenowe<br \/>Przyczyn\u0105 \u0142ysienia telogenowego jest wyd\u0142u\u017cenie fazy spoczynku w\u0142os\u00f3w (jedna z faz \u017cycia w\u0142osa). Objawem tego jest zaburzenie ilo\u015bciowe w\u0142os\u00f3w wci\u0105\u017c \u017cywych do martwych i w zwi\u0105zku z tym ich og\u00f3lne przerzedzenie na ca\u0142ej sk\u00f3rze g\u0142owy. \u0141ysienie telogenowe, w przeciwie\u0144stwie do androgenowego, nie jest uwarunkowane genetycznie.<br \/>Najcz\u0119stszymi powodami wyst\u0119powania \u0142ysienia telogenowego s\u0105: por\u00f3d, operacje, urazy, wypadki, stres, niedob\u00f3r witamin D3, B12, anemia, przewlek\u0142e choroby, powik\u0142ania polekowe.<br \/>Pami\u0119tajmy o tym, \u017ce w przypadku podejrze\u0144 co do wyst\u0119powania u siebie zar\u00f3wno wymienionych wy\u017cej, jak i innych objaw\u00f3w wypadania w\u0142os\u00f3w wskazane jest, aby w pierwszej kolejno\u015bci wykona\u0107 badania dodatkowe lub skonsultowa\u0107 si\u0119 z trychologiem<br \/>\u017beby wspomaga\u0107 sw\u00f3j organizm, warto r\u00f3wnie\u017c zadba\u0107 o odpowiedni\u0105 suplementacj\u0119. Aby skutecznie zahamowa\u0107 wypadanie w\u0142os\u00f3w i cieszy\u0107 si\u0119 bujn\u0105 fryzur\u0105, nale\u017cy jednak si\u0119ga\u0107 po sprawdzone \u015brodki. Gwarancj\u0105 tego b\u0119dzie przede wszystkim starannie skomponowany sk\u0142ad zawieraj\u0105cy odpowiednie substancje aktywne.<br \/>Suplement diety Dervit Max z biotyn\u0105 zosta\u0142 opracowany z my\u015bl\u0105 o wszystkich, kt\u00f3rzy chc\u0105 zadba\u0107 o swoje w\u0142osy, sk\u00f3r\u0119 oraz paznokcie. Dla codziennego uzupe\u0142nienia niezb\u0119dnych witamin i minera\u0142\u00f3w, wzbogacony o ekstrakty ro\u015blinne i aminokwasy.<br \/>Dlaczego Dervit Max z biotyn\u0105?<br \/>\u2022 unikalna formu\u0142a 21+ Dervit Max z biotyn\u0105<br \/>\u2022 wysoka zawarto\u015b\u0107 biotyny 2,5 mg<br \/>\u2022 potr\u00f3jne \u017ar\u00f3d\u0142o krzemionki (min. 12 mg krzemu)<br \/>\u2022 nie zawiera stearynianu magnezu ani dwutlenku tytanu (transparentna kapsu\u0142ka)<br \/>Suplement diety Dervit Forte z biotyn\u0105 powsta\u0142 w celu intensywnego wsparcia w\u0142os\u00f3w, sk\u00f3ry i paznokci. Os\u0142abione w\u0142osy i paznokcie, zniszczone zabiegami piel\u0119gnacyjnymi, sk\u00f3ra pozbawiona blasku? Dervit forte z biotyn\u0105 to rozwi\u0105zanie dla szybkiego, zr\u00f3\u017cnicowanego uzupe\u0142nienia niedobor\u00f3w i budowy zasob\u00f3w sk\u0142adnik\u00f3w niezb\u0119dnych w organizmie.<\/p>\n<p>Dlaczego Dervit Forte z biotyn\u0105?<br \/>\u2022 unikalna formu\u0142a 21+ Dervit Forte z biotyn\u0105<br \/>\u2022 wysoka zawarto\u015b\u0107 biotyny 2,5 mg<br \/>\u2022 potr\u00f3jne \u017ar\u00f3d\u0142o krzemionki (min. 12 mg krzemu)<br \/>\u2022 rekomendowana dzienna porcja witaminy D 2000 IU*<br \/>\u2022 nie zawiera stearynianu magnezu ani dwutlenku tytanu (transparentna kapsu\u0142ka)<\/p>\n<p>Dervit Andro to suplement diety opracowany z my\u015bl\u0105 o osobach chc\u0105cych powstrzyma\u0107 wypadanie w\u0142os\u00f3w. W po\u0142\u0105czeniu z prawid\u0142ow\u0105 piel\u0119gnacj\u0105 i dobrze zbilansowan\u0105 diet\u0105 stosowanie go mo\u017ce przynie\u015b\u0107 oczekiwane efekty.<br \/>Sk\u0142adniki aktywne:<br \/>\u2022 unikalna formu\u0142a ro\u015blinnych sk\u0142adnik\u00f3w aktywnych AndroDiet (owoce palmy saba\u0142owej, li\u015bcie zielonej herbaty, ziele wierzbownicy drobnokwiatowej, kora \u015bliwy afryka\u0144skiej)<br \/>\u2022 Ekstrakty ro\u015blinne: kie\u0142ki bambusa, li\u015bcie pokrzywy, nasiona prosa<br \/>\u2022 Witaminy: witamina C, witamina E, witamina D, niacyna, biotyna, witamina B6, tiamina, ryboflawina<br \/>\u2022 Sk\u0142adniki mineralne: cynk, mangan, mied\u017a, jod<br \/>\u2022 Aminokwasy: L-lizyna, L-cystyna, L-leucyna<\/p>\n<p>Dzia\u0142anie preparatu w odniesieniu do poszczeg\u00f3lnych sk\u0142adnik\u00f3w*:<br \/>Krzem uwa\u017cany jest za mikroelement, wp\u0142ywa na popraw\u0119 jako\u015bci w\u0142os\u00f3w, sk\u00f3ry i paznokci<br \/>Nasiona i li\u015bcie pokrzywy zawieraj\u0105 witaminy, minera\u0142y i aminokwasy. Ze wzgl\u0119du na obecne zwi\u0105zki ma dzia\u0142anie przeciw\u0142upie\u017cowe, \u015bci\u0105gaj\u0105ce, oczyszczaj\u0105ce, i wspomagaj\u0105ce czynno\u015bci hemostatyczne<br \/>Bambus ma istotn\u0105 rol\u0119 w integralno\u015bci ko\u015bci, \u015bcian t\u0119tnic, sk\u00f3ry, z\u0119b\u00f3w, dzi\u0105se\u0142, w\u0142os\u00f3w i paznokci; stosowany w celu z\u0142agodzenia egzemy<br \/>Badania potwierdzaj\u0105 skuteczno\u015b\u0107 palmy saba\u0142owej w przypadku \u0142ysienia androgenowego, poniewa\u017c hamuje ona rozw\u00f3j \u0142ysienia i powoduje porost nowych w\u0142os\u00f3w<\/p>\n<p>Wyci\u0105gi z wierzbownicy maj\u0105 zastosowanie w leczeniu \u0142ysienia androgennego oraz \u0142upie\u017cu t\u0142ustego<br \/>Kup teraz: https:\/\/vitadiet.pl\/pl\/dervit-andro-60-kapsulek-117.html<br \/>\u0179r\u00f3d\u0142a:<br \/>https:\/\/aestheticcosmetology.com\/wp-content\/uploads\/2019\/04\/ke2014.3-6.pdf<br \/>https:\/\/www.termedia.pl\/Journal\/-7\/pdf-8396-1?filename=finasteryd.pdf<br \/>https:\/\/piotrturkowski.pl\/blog\/lysienie-telogenowe-przyczyny-objawy-leczenie\/<br \/>https:\/\/aesthetica.com.pl\/book\/book.php?file=http:\/\/aesthetica.com.pl\/clients\/25\/files\/files\/20-26.pdf<\/p>\n<p>[\/et_pb_toggle][\/et_pb_column][\/et_pb_row][\/et_pb_section]<\/p>\n","protected":false},"excerpt":{"rendered":"<p>Wypadanie w\u0142os\u00f3w bywa naprawd\u0119 du\u017cym i w dodatku uci\u0105\u017cliwym problemem. Narzekaj\u0105 na to zar\u00f3wno kobiety, jak i m\u0119\u017cczy\u017ani, niezale\u017cnie od wieku. Warto pami\u0119ta\u0107, \u017ce ka\u017cdy z nas naturalnie traci do ok. 100 w\u0142os\u00f3w dziennie i nie jest to pow\u00f3d do niepokoju. Jednak gdy ta liczba jest wi\u0119ksza, najlepiej jak najszybciej zareagowa\u0107, aby powstrzyma\u0107 wypadanie kolejnych [&hellip;]<\/p>\n","protected":false},"author":1,"featured_media":0,"parent":0,"menu_order":0,"comment_status":"closed","ping_status":"closed","template":"","meta":{"_et_pb_use_builder":"on","_et_pb_old_content":"","_et_gb_content_width":"","footnotes":""},"class_list":["post-300","page","type-page","status-publish","hentry"],"_links":{"self":[{"href":"https:\/\/dervit.pl\/index.php?rest_route=\/wp\/v2\/pages\/300","targetHints":{"allow":["GET"]}}],"collection":[{"href":"https:\/\/dervit.pl\/index.php?rest_route=\/wp\/v2\/pages"}],"about":[{"href":"https:\/\/dervit.pl\/index.php?rest_route=\/wp\/v2\/types\/page"}],"author":[{"embeddable":true,"href":"https:\/\/dervit.pl\/index.php?rest_route=\/wp\/v2\/users\/1"}],"replies":[{"embeddable":true,"href":"https:\/\/dervit.pl\/index.php?rest_route=%2Fwp%2Fv2%2Fcomments&post=300"}],"version-history":[{"count":2,"href":"https:\/\/dervit.pl\/index.php?rest_route=\/wp\/v2\/pages\/300\/revisions"}],"predecessor-version":[{"id":923,"href":"https:\/\/dervit.pl\/index.php?rest_route=\/wp\/v2\/pages\/300\/revisions\/923"}],"wp:attachment":[{"href":"https:\/\/dervit.pl\/index.php?rest_route=%2Fwp%2Fv2%2Fmedia&parent=300"}],"curies":[{"name":"wp","href":"https:\/\/api.w.org\/{rel}","templated":true}]}}